{"id":1884,"date":"2022-10-03T14:04:15","date_gmt":"2022-10-03T12:04:15","guid":{"rendered":"https:\/\/uat.time2plug.fr\/?page_id=1884"},"modified":"2022-11-17T12:45:20","modified_gmt":"2022-11-17T11:45:20","slug":"conditions-generales-de-ventes","status":"publish","type":"page","link":"https:\/\/www.time2plug.com\/page\/conditions-generales-de-ventes\/","title":{"rendered":"Conditions g\u00e9n\u00e9rales de ventes"},"content":{"rendered":"\t\t<div data-elementor-type=\"wp-page\" data-elementor-id=\"1884\" class=\"elementor elementor-1884\" data-elementor-post-type=\"page\">\n\t\t\t\t\t\t<section class=\"elementor-section elementor-top-section elementor-element elementor-element-db28365 elementor-section-boxed elementor-section-height-default elementor-section-height-default\" data-id=\"db28365\" data-element_type=\"section\" data-e-type=\"section\">\n\t\t\t\t\t\t<div class=\"elementor-container elementor-column-gap-default\">\n\t\t\t\t\t<div class=\"elementor-column elementor-col-50 elementor-top-column elementor-element elementor-element-4767cd8d\" data-id=\"4767cd8d\" data-element_type=\"column\" data-e-type=\"column\">\n\t\t\t<div class=\"elementor-widget-wrap elementor-element-populated\">\n\t\t\t\t\t\t<div class=\"elementor-element elementor-element-57e7f8e1 elementor-widget elementor-widget-text-editor\" data-id=\"57e7f8e1\" data-element_type=\"widget\" data-e-type=\"widget\" data-widget_type=\"text-editor.default\">\n\t\t\t\t<div class=\"elementor-widget-container\">\n\t\t\t\t\t\t\t\t\t<p><\/p>\n<h1>CONDITIONS GENERALES DE VENTE ET D\u2019UTILISATION<\/h1>\n<p><em>version : 25\/05\/2022<\/em><\/p>\n<p>Le pr\u00e9sent contrat, qui d\u00e9termine les conditions g\u00e9n\u00e9rales dans lesquelles TIME2PLUG propose des<br \/>prestations de services et de vente de Mat\u00e9riel est conclu entre :<br \/><br \/><\/p>\n<p>TIME2PLUG SAS au capital de 60 000 euros, dont le si\u00e8ge social est situ\u00e9 13 avenue Boudon, 75016 \u00e0<br \/>Paris, immatricul\u00e9e au Registre du Commerce et des Soci\u00e9t\u00e9s de Paris sous le num\u00e9ro 912 044 948,<br \/>Repr\u00e9sent\u00e9e par son Pr\u00e9sident en exercice<br \/>et ci-apr\u00e8s sous la d\u00e9nomination <b>\u00ab le Prestataire \u00bb<\/b>,<\/p>\n<p><br \/>et<\/p>\n<p><br \/>Toute personne physique ou morale, particulier ou professionnel, ayant pass\u00e9 une commande d\u2019Mat\u00e9riel<br \/>et de services aupr\u00e8s de la soci\u00e9t\u00e9 TIME2PLUG,<br \/>Et ci-dessous sous la d\u00e9nomination <b>\u00ab le Client \u00bb<\/b><\/p>\n<p><b><br \/><\/b>Il est pr\u00e9alablement rappel\u00e9 que Time2plug propose des prestations de vente, d\u2019installation et de gestion<br \/>de bornes d\u00e9di\u00e9es \u00e0 la recharge de v\u00e9hicules \u00e9lectriques ou hybrides.<\/p>\n<p>Le Client d\u00e9clare avoir pris connaissance des pr\u00e9sentes conditions g\u00e9n\u00e9rales, \u00eatre parfaitement inform\u00e9<br \/>et accepter l\u2019ensemble des modalit\u00e9s et conditions dans lesquelles Time2plug fournit les Services, objet<br \/>d\u2019une Commande.<\/p>\n<p>\u00a0<\/p>\n<p>\u00a0<\/p>\n<p><\/p>\n<p><\/p>\n<p>\u00a0<\/p>\n<h2>Article 1 &#8211; DEFINITIONS<\/h2>\n<p><b>Contrat<\/b>\u00a0: Le pr\u00e9sent Contrat conclu entre le Prestataire et le Client. Il est compl\u00e9t\u00e9 par les conditions<br \/>tarifaires et techniques fix\u00e9es au Devis accept\u00e9 par le Client.<\/p>\n<p><b>Commande<\/b>\u00a0: D\u00e9signe l\u2019accord du Client sur le Mat\u00e9riel et les services souscris formalis\u00e9 par la signature sur le site ou par \u00e9change de courriels.<\/p>\n<p><b>Devis:<\/b>\u00a0D\u00e9signe le document r\u00e9capitulatif des Services et du Mat\u00e9riel pour lesquels le client a souhait\u00e9<br \/>passer une commande. Ce devis peut \u00eatre \u00e9tabli via l\u2019interface de commande du Site ou par courriels et permet au Client de prendre connaissance des conditions contractuelles, techniques et tarifaires en vigueur des Services souscrits et de les accepter. La validation du Devis par le Client peut \u00eatre effectu\u00e9e par voie<br \/>\u00e9lectronique (par courriel ou par signature sur l\u2019interface du Site) et vaut acceptation ferme et d\u00e9finitive de la Commande.<\/p>\n<p><b>Gestion<\/b>\u00a0: D\u00e9signe les Services de gestion et de maintenance optionnelles propos\u00e9es par le Prestataire et souscrites par le Client.<\/p>\n<p><b>Installation<\/b>\u00a0: D\u00e9signe l\u2019installation du Mat\u00e9riel \u00e0 l\u2019adresse indiqu\u00e9e par le Client au Devis et la prise en main<br \/>du Mat\u00e9riel par le Client r\u00e9alis\u00e9es par le Prestataire.<\/p>\n<p><b>Mat\u00e9riel<\/b>\u00a0: Les Mat\u00e9riels (notamment bornes de recharge, \u00e9quipements \u00e9lectriques tels que disjoncteur<br \/>interdif (NFC 1500) qui sont, selon la formule choisie par le Client lors de la signature du Devis,<br \/>vendus par le Prestataire au Client.<\/p>\n<p><br \/><b>Prestataire Tiers<\/b> T: out prestataire sous-traitant auquel le Prestataire pourra faire appel dans le cadre de l\u2019ex\u00e9cution de la Prestation. Le Prestataire Tiers disposera des agr\u00e9ments n\u00e9cessaires \u00e0 l\u2019ex\u00e9cution de la Prestation.<\/p>\n<p><b>Prestations :\u00a0<\/b>D\u00e9signe le Mat\u00e9riel et les Services command\u00e9s par le Client.<\/p>\n<p><b>Services<\/b>\u00a0: Les prestations comprenant le conseil sur la borne de recharge (sur la base des informations<br \/>renseign\u00e9es par le Client lors de la Commande), la livraison, l\u2019installation, la mise en service, la prise en main la Gestion des bornes de recharge, l\u2019assistance administrative, selon l\u2019option choisie par le Client, fournies par le Prestataire. Les Services command\u00e9s par le Client, selon la formule choisie, sont d\u00e9crits au Devis.<\/p>\n<p><br \/><b>Site<\/b>\u00a0: Le site www.time2plug.com \u00e0 partir duquel le Prestataire propose les Mat\u00e9riels et Services<\/p>\n<p>\u00a0<\/p>\n<p>\u00a0<\/p>\n<h2>Article 2 &#8211; OBJET DU CONTRAT<\/h2>\n<p>Le pr\u00e9sent Contrat a pour objet de d\u00e9finir les termes et conditions dans lesquelles le Prestataire fournit<br \/>le Service et le Mat\u00e9riel objet de la Commande du Client.<\/p>\n<p>\u00a0<\/p>\n<p>\u00a0<\/p>\n<h2>Article 3 &#8211; PREREQUIS ET PREPARATIONS DU CLIENTS<\/h2>\n<p>Pr\u00e9alablement \u00e0 la fourniture de la Prestation, le Client doit fournir toute les informations disponibles et<br \/>n\u00e9cessaires (notamment celles li\u00e9es \u00e0 la \u00ab v\u00e9tust\u00e9, s\u00e9curit\u00e9 et \u00e0 l\u2019environnement du lieu d\u2019installation et<br \/>du r\u00e9seau \u00e9lectrique \u00bb \u00e0 la bonne r\u00e9alisation de l\u2019Installation, \u00e0 la s\u00e9curit\u00e9 des Prestataires (y compris<br \/>des Prestataires Tiers) et au bon fonctionnement du Mat\u00e9riel et du Service. Les pr\u00e9 requis techniques<br \/>conditionnent la bonne Installation et le bon fonctionnement du Mat\u00e9riel et du Services. Le Client<br \/>s\u2019engage \u00e0 fournir des r\u00e9ponses sinc\u00e8res et exactes aux questions pos\u00e9es par le Prestataire, \u00e0 maintenir<br \/>en bon \u00e9tat de fonctionnement son installation \u00e9lectrique laquelle doit \u00eatre conforme \u00e0 l\u2019ensemble des<br \/>lois et r\u00e8glements applicables.<\/p>\n<p>Le Client d\u00e9clare qu\u2019il dispose des droits et autorisations n\u00e9cessaires pour souscrire aux Prestations.<br \/>Le Client reconnait, apr\u00e8s avoir re\u00e7u une information circonstanci\u00e9e et personnalis\u00e9e sur les Mat\u00e9riels<br \/>et Services command\u00e9s et sur les pr\u00e9 requis techniques ainsi que sur les tarifs y aff\u00e9rents, avoir librement<br \/>et sous sa seule responsabilit\u00e9, d\u00e9termin\u00e9 le Mat\u00e9riel et le Service objet de la Commande.<\/p>\n<p>Le Client reconna\u00eet avoir v\u00e9rifi\u00e9 l\u2019ad\u00e9quation du Mat\u00e9riel et du Service \u00e0 ses besoins et avoir re\u00e7u du<br \/>Prestataire toutes les informations et conseils qui lui \u00e9taient n\u00e9cessaires pour souscrire au pr\u00e9sent<br \/>engagement en connaissance de cause.<\/p>\n<p>Le service \u00e9tant souscrit \u00e0 distance, le Client (qualifi\u00e9 de consommateur ou de professionnel au sens de<br \/>l\u2019article L.221-3 du Code de la consommation), dispose d\u2019un d\u00e9lai de r\u00e9tractation de 14 jours francs \u00e0<br \/>compter de la signature du Devis, qui peut \u00eatre exerc\u00e9 par lettre recommand\u00e9e avec demande d\u2019avis de<br \/>r\u00e9ception adress\u00e9e \u00e0 Time2plug. Le formulaire de r\u00e9tractation est disponible en t\u00e9l\u00e9chargement sur<br \/>www.time2plug.com.<\/p>\n<p>Pour autant, ce droit de r\u00e9tractation ne pourra \u00eatre exerc\u00e9 pour les Services ex\u00e9cut\u00e9s avant la fin du<br \/>d\u00e9lai de r\u00e9tractation (Installation) apr\u00e8s accord pr\u00e9alable expr\u00e8s du consommateur et<br \/>renoncement expr\u00e8s \u00e0 son droit de r\u00e9tractation dans les conditions fix\u00e9es \u00e0 l\u2019article L221-28 du code<br \/>de consommation.<\/p>\n<p>\u00a0<\/p>\n<p>\u00a0<\/p>\n<h2>Article 4- MATERIEL, TRANSFERT DE PROPRIETE ET DES RISQUES<\/h2>\n<p>La livraison du Mat\u00e9riel sera effectu\u00e9e \u00e0 l\u2019Installation \u00e0 l\u2019adresse de livraison renseign\u00e9e par le Client \u00e0<br \/>la Commande.<\/p>\n<p>Le Prestataire conservera la propri\u00e9t\u00e9 du Mat\u00e9riel livr\u00e9 jusqu\u2019\u00e0 paiement effectif par le Client de<br \/>l\u2019int\u00e9gralit\u00e9 du prix des Prestations fix\u00e9 au Devis ainsi que des int\u00e9r\u00eats, et le cas \u00e9ch\u00e9ant des frais<br \/>mentionn\u00e9s \u00e0 l\u2019article 6. Il est toutefois entendu que la simple remise d\u2019un titre cr\u00e9ant une obligation de<br \/>payer telle qu\u2019une traite, ch\u00e8que ou tout autre titre, ne constitue pas un paiement au sens de la pr\u00e9sente<br \/>clause. La cr\u00e9ance d\u2019origine du Prestataire sur le Client subsiste avec toutes les garanties qui y sont<br \/>attach\u00e9es, y compris la r\u00e9serve de propri\u00e9t\u00e9, jusqu\u2019\u00e0 ce que ledit effet de commerce ait \u00e9t\u00e9 effectivement<br \/>pay\u00e9.<\/p>\n<p>Si le Prestataire n\u2019est pas en mesure de livrer le Mat\u00e9riel vis\u00e9 au Devis, ce dernier proposera un mat\u00e9riel<br \/>alternatif au Client. En cas de refus du mat\u00e9riel alternatif par le Client, ce dernier sera rembours\u00e9 dans<br \/>un d\u00e9lai de 30 jours sous r\u00e9serve d\u2019avoir restitu\u00e9, le cas \u00e9chant, le mat\u00e9riel non conforme au Devis. Tout<br \/>refus de mat\u00e9riel doit \u00eatre signifi\u00e9 au Prestataire par courriel dans un d\u00e9lai de 48 heures \u00e0 compter de la<br \/>proposition de Mat\u00e9riel alternatif ou de livraison du Mat\u00e9riel non conforme. A d\u00e9faut de refus express<br \/>par courriel du Client adress\u00e9 au Prestataire dans le d\u00e9lai pr\u00e9cit\u00e9, le Mat\u00e9riel propos\u00e9 ou livr\u00e9 sera<br \/>consid\u00e9r\u00e9 comme accept\u00e9 par le Client.<\/p>\n<p>Le transfert des risques li\u00e9s au Mat\u00e9riel command\u00e9 intervient \u00e0 la livraison \u00e0 l\u2019adresse indiqu\u00e9e par le<br \/>Client qui en devient le d\u00e9positaire. En cons\u00e9quence, le Client assume, d\u00e8s la livraison, les frais de garde<br \/>et de fonctionnement et s\u2019engage \u00e0 cet effet \u00e0 souscrire une assurance couvrant notamment les risques<br \/>de perte, de vol ou de d\u00e9t\u00e9rioration ainsi que tous les dommages et sinistres susceptibles d\u2019\u00eatre caus\u00e9s<br \/>par le Mat\u00e9riel.<\/p>\n<p>Le Client b\u00e9n\u00e9ficiera, au titre du Mat\u00e9riel livr\u00e9, de la garantie du fabricant. Cette garantie s\u2019applique<br \/>dans des conditions normales d\u2019utilisation \u00e0 l\u2019exclusion notamment de tout dysfonctionnement d\u00fb au<br \/>non-respect des consignes d\u2019utilisation, \u00e0 une cause ext\u00e9rieure (non limitativement : choc, d\u00e9g\u00e2t des<br \/>eaux, surtension \u00e9lectrique \u2013 foudre &#8211; et\/ou temp\u00e9rature non appropri\u00e9e, intervention d\u2019un tiers,<br \/>vandalisme) ou \u00e0 une modification des Mat\u00e9riel sans l\u2019accord \u00e9crit du Prestataire.<\/p>\n<p>\u00a0<\/p>\n<p>\u00a0<\/p>\n<h2>Article 5 &#8211; CONTENU DU SERVICE<\/h2>\n<p>\u00a0<\/p>\n<h3>5.1 Assistance automatis\u00e9e dans le choix du Mat\u00e9riel<\/h3>\n<p>L\u2019assistance au choix du Mat\u00e9riel est formalis\u00e9e par les propositions standardis\u00e9es et automatis\u00e9es sur<br \/>le Site en fonction des r\u00e9ponses fournies au questionnaire soumis au Client.<br \/>Cette assistance peut \u00e9galement se formaliser, pour les Clients, personnes morales ou copropri\u00e9t\u00e9s, lors<br \/>d\u2019une visite technique sur le lieu de l\u2019Installation.<\/p>\n<p><br \/>Le Client reconnait qu\u2019il a eu, avant l\u2019acceptation du Devis, acc\u00e8s au d\u00e9tail des caract\u00e9ristiques<br \/>techniques du Mat\u00e9riel ainsi qu\u2019aux informations mises en lignes.<br \/>Ainsi, le Client reconnait avoir v\u00e9rifi\u00e9, pr\u00e9alablement \u00e0 la Commande, que le Mat\u00e9riel sera en<br \/>ad\u00e9quation avec ses besoins.<\/p>\n<p><br \/>Le Prestataire ne saurait \u00eatre tenu responsable de l\u2019inad\u00e9quation du Mat\u00e9riel et des Services fournis avec<br \/>les objectifs poursuivis dans l\u2019utilisation du Mat\u00e9riel, qui sont en tout \u00e9tat de cause, exclus d\u00fb champ<br \/>contractuel.<\/p>\n<p>\u00a0<\/p>\n<h3>5.2 Installation<\/h3>\n<p>Une fois le Devis sign\u00e9 par le Client et adress\u00e9 au Prestataire via le Site ou par courriel, le Prestataire<br \/>communiquera au Client une date indicative d\u2019Installation. Le Prestataire fera ses meilleurs efforts pour<br \/>respecter la date indicative d\u2019Installation.<br \/>Le Prestataire ne sera en aucun cas tenu responsable des \u00e9ventuels retards dans l\u2019Installation. En aucun<br \/>cas un retard raisonnable dans la livraison ou l\u2019Installation du Mat\u00e9riel, imputable \u00e0 un retard du<br \/>fabricant, ne pourra donner lieu au profit du Client \u00e0 l\u2019allocation de dommages et int\u00e9r\u00eats ou \u00e0<br \/>l\u2019annulation de la Commande.<\/p>\n<p><br \/>Les travaux d\u2019installation comprennent uniquement :<\/p>\n<p><br \/>\u2022 La mise en place des Mat\u00e9riels et leur raccordement aux diff\u00e9rents points d\u2019arriv\u00e9e de<br \/>courant \u00e9lectrique qui auront \u00e9t\u00e9 pr\u00e9alablement positionn\u00e9s par le Client suivant les<br \/>instructions du Prestataire. Cette mise en place peut comporter :<br \/>o la fixation d\u2019une borne ou prise renforc\u00e9e au mur ou sur pied selon l\u2019option<br \/>choisie ;<br \/>o l\u2019installation du chemin de c\u00e2ble reliant la borne ou prise renforc\u00e9e au tableau<br \/>\u00e9lectrique du Client ;<br \/>o le passage de c\u00e2ble<br \/>o la cr\u00e9ation de tranch\u00e9es dans le sol ou la perforations de trous dans des mur ;.<br \/>o l\u2019installation d\u2019\u00e9quipements \u00e9lectriques de protection notamment (interrupteur<br \/>diff\u00e9rentiel, disjoncteur par exemple) ;<br \/>o l\u2019installation d\u2019\u00e9quipements \u00e9lectriques pour permettre le pilotage \u00e9nerg\u00e9tique de<br \/>la solution de recharge.<br \/>\u2022 Les essais, la mise en service des appareils.<br \/>\u2022 Cr\u00e9ation de badge<br \/>\u2022 Formation client pour la prise en main de la solution de recharge<br \/><br \/><\/p>\n<p>La responsabilit\u00e9 du Prestataire est strictement limit\u00e9e aux obligations ainsi d\u00e9finies, et il est de<br \/>convention expresse que le Prestataire ne sera tenu \u00e0 aucune indemnisation au titre de la garantie pour<br \/>des prestations ou services non vis\u00e9s au pr\u00e9sent Contrat tels que notamment ligne de terre, travaux de<br \/>nature immobili\u00e8re charpentes n\u00e9cessaires par la consistance des locaux, etc\u2026.<br \/><br \/><\/p>\n<p>Lors de l\u2019Installation, les Parties signeront un Proc\u00e8s-Verbal d\u2019installation constatant la conformit\u00e9 du<br \/>Service fourni (et du Mat\u00e9riel livr\u00e9) au Devis et \u00e0 la Commande. Dans le cas o\u00f9 le Client refuserait de<br \/>signer le proc\u00e8s-verbal d\u2019Installation il devra consigner personnellement (ou faire consigner par tous<br \/>tiers de son choix formellement identifi\u00e9 comme son mandataire) et contradictoirement toutes ses<br \/>r\u00e9serves et motifs de refus dans le proc\u00e8s-verbal d\u2019installation.<br \/><br \/><\/p>\n<p>En cas d\u2019impossibilit\u00e9 d\u2019Installation pour des causes imputables au Client (notamment en cas de<br \/>complexit\u00e9 technique non communiqu\u00e9e) constat\u00e9es le jour pr\u00e9vu de l\u2019Installation, mention en sera faite<br \/>sur le proc\u00e8s-verbal d\u2019Installation. Le Prestataire pourra \u00e9mettre une facture correspondant aux frais de<br \/>d\u00e9placement ainsi que les frais li\u00e9s \u00e0 l\u2019achat du Mat\u00e9riel livr\u00e9.<\/p>\n<p>\u00a0<\/p>\n<h3>5.3 Assistance dans les d\u00e9marches administratives en vue d\u2019obtenir des aides<\/h3>\n<p>En cas de souscription \u00e0 l\u2019option d\u2019assistance administrative, le Prestataire fournira un service<br \/>d\u2019assistance dans le cadre de l\u2019obtention des aides et\/ou subventions publiques.<br \/>Ce service pourra prendre la forme d\u2019une indication au Client des diff\u00e9rentes d\u00e9marches et formulaire \u00e0<br \/>remplir en vue d\u2019obtenir l\u2019aide envisag\u00e9e. Pour les Clients, personnes morales ou copropri\u00e9t\u00e9, le<br \/>Prestataire pourra, selon l\u2019option choisie, et dans les conditions pr\u00e9vues au Devis effectuer les<br \/>d\u00e9marches pour le compte du Client.<\/p>\n<p>Cet accompagnement ne constitue en aucun cas une obligation de r\u00e9sultat souscrite par le Prestataire,<br \/>les diff\u00e9rentes aides et subventions \u00e9tant soumises \u00e0 l\u2019\u00e9ligibilit\u00e9 du Client.<\/p>\n<p>\u00a0<\/p>\n<h3>5.4 Gestion<\/h3>\n<h4>a) Description du Service de Gestion<\/h4>\n<p>En cas de souscription par les Clients, personne morale ou copropri\u00e9t\u00e9, au Service de Gestion du<br \/>Mat\u00e9riel, la Prestation int\u00e8grera, selon les options choisies :<\/p>\n<p><br \/>\u2022 <b>Gestion des installations :<\/b><br \/>o Contr\u00f4le et suivi du statut des bornes<br \/>o Maintenance \u00e0 distance (diagnostic, mise \u00e0 jour du firmware)<br \/>o Analyse et rapports (disponibilit\u00e9, consommation)<br \/>o Suivi des co\u00fbts par utilisateur<br \/>o Envoi de notifications<br \/>o Plan de maintenance pr\u00e9ventive incluant une visite annuelle<\/p>\n<p><br \/>\u2022 <b>Gestion des utilisateurs :<\/b><br \/>o Gestion des acc\u00e8s utilisateurs<br \/>o Connexion du syst\u00e8me de supervision avec GIREVE<br \/>o D\u00e9claration des donn\u00e9es g\u00e9ographiques des points de recharges sur data.gouv<br \/>o Enregistrement des donn\u00e9es statiques par point de recharge<br \/>o Mise en place du protocole de collecte de donn\u00e9es de recharge (Energie totale<br \/>d\u00e9livr\u00e9e Wh, Date\/H du d\u00e9but et fin de charge) &#8211; Collecte mensuelle<br \/>o Application pour les conducteurs (cartographie des bornes, statut des sessions,<br \/>d\u00e9part, arr\u00eat, historique des charges)<br \/>o Gestion des r\u00e9servations des bornes<br \/>o Profilage des utilisateurs (consommation, temps)<br \/>o Mise en place d\u2019une tarification (plage horaire, profils\u2026)<br \/>o Facturation et Paiement<\/p>\n<p><br \/>\u2022 <b>Gestion de l\u2019\u00e9nergie<\/b><br \/>o Gestion dynamique de l\u2019\u00e9nergie avec planification de la charge<\/p>\n<p>\u00a0<\/p>\n<h4>b) Maintenance corrective<\/h4>\n<p>Le Mat\u00e9riel est garanti par le fabricant pendant une dur\u00e9e de 24 mois conform\u00e9ment aux conditions<br \/>de ventes du fabricant. Dans le cadre d\u2019une souscription d\u2019un contrat de maintenance par le Client<br \/>aupr\u00e8s du Prestataire, le Prestataire se propose d\u2019intervenir sous 48h ouvr\u00e9es pour la r\u00e9solution<br \/>d\u2019une panne \u00e0 partir de moment o\u00f9 celle-ci a \u00e9t\u00e9 identifi\u00e9e et dument notifi\u00e9e au Prestataire.<\/p>\n<p>\u00a0<\/p>\n<h4>c) Mandat d\u2019encaissement et de facturation<\/h4>\n<p>Pour l\u2019ex\u00e9cution du Service de Gestion et notamment la gestion des utilisateurs, le Client mandant<br \/>donne mandat \u00e0 Time2Plug d\u2019encaisser en son nom et pour son compte, par l\u2019interm\u00e9diaire de son<br \/>\u00e9tablissement bancaire, les sommes collect\u00e9es par les utilisateurs du Mat\u00e9riel.<br \/><br \/><\/p>\n<p>Pour l\u2019ex\u00e9cution du pr\u00e9sent contrat le Client, mandant, confie \u00e0 Time2Plug, mandataire<br \/>l\u2019\u00e9tablissement et l\u2019\u00e9mission de ses factures dans le respect des r\u00e8gles \u00e9conomiques et fiscales<br \/>applicables.<br \/>Time2Plug s\u2019engage \u00e0 \u00e9tablir au nom et pour le compte du Client des factures (y compris<br \/>rectificatives) aff\u00e9rentes \u00e0 l\u2019utilisation du Mat\u00e9riel par les utilisateurs. La tarification des recharges<br \/>pourra \u00eatre fonction du temps, de la consommation d\u2019\u00e9nergie ou de la combinaison des deux<br \/><br \/><\/p>\n<p>Le Client dispose de 15 jours pour contester les factures \u00e9mises en son nom et pour son compte. A<br \/>d\u00e9faut de contestation dans ce d\u00e9lai, le Client sera pr\u00e9sum\u00e9 avoir accept\u00e9 la facture \u00e9mise en son<br \/>nom et pour son compte.<br \/><br \/><\/p>\n<p>Le Client conserve l\u2019enti\u00e8re responsabilit\u00e9 de ses obligations l\u00e9gales et fiscales en mati\u00e8re de<br \/>facturation au titre des factures \u00e9mises en son nom et pour son compte notamment en ce qui concerne<br \/>ses obligations en mati\u00e8re de TVA.<br \/>Time2Plug ne peut \u00eatre tenue au paiement solidaire de la TVA due par le Client.<br \/>Il pourra \u00eatre mis fin \u00e0 tout moment aux mandats vis\u00e9s au pr\u00e9sent article sous r\u00e9serve des conditions<br \/>de r\u00e9siliation fix\u00e9es \u00e0 l\u2019article 6 du pr\u00e9sent Contrat.<br \/><br \/><\/p>\n<p>Time2Plug reversera le produit des encaissements collect\u00e9s aupr\u00e8s des utilisateurs du Mat\u00e9riel au<br \/>Client, d\u00e9duction faite de (i) sa commission d\u2019interm\u00e9diation telle que fix\u00e9e aux Devis, (ii) ses frais<br \/>de gestion, (iii).<br \/><br \/><\/p>\n<p>Dans les cinq jours ouvrables du mois suivant la prestation, Time2Plug communiquera au Client le<br \/>relev\u00e9 mensuel de l\u2019utilisation du Mat\u00e9riel par les utilisateurs.<br \/><br \/><\/p>\n<p>Le Client disposera alors d\u2019un d\u00e9lai de 10 jours pour contester ledit relev\u00e9 et demander \u00e0 Time2Plug<br \/>la communication des factures aff\u00e9rentes \u00e0 chaque utilisation du Mat\u00e9riel figurant au relev\u00e9. A<br \/>d\u00e9faut de contestation dans ce d\u00e9lai, le relev\u00e9 mensuel sera consid\u00e9r\u00e9 comme d\u00e9finitif.<br \/><br \/><\/p>\n<p>T<span style=\"font-size: 14px;\">ime2Plug s\u2019engage \u00e0 payer le Client en proc\u00e9dant par compensation avec les sommes qui lui sont\u00a0<\/span><span style=\"font-size: 14px;\">\u00e9ventuellement dues, dans un d\u00e9lai maximal de quinze (15 jours) suivant la fin de chaque mois civil.<\/span><\/p>\n<p>Le paiement sera effectu\u00e9 par virement bancaire sur le compte bancaire du Client dont les<br \/>coordonn\u00e9es auront \u00e9t\u00e9 communiqu\u00e9es lors de la Commande.<br \/><br \/><\/p>\n<p>Conform\u00e9ment aux dispositions de l\u2019article 442-6 du Code de commerce, tout retard de paiement<br \/>donnera lieu au paiement par la partie d\u00e9faillante au Client Professionnel d\u2019une indemnit\u00e9 forfaitaire<br \/>pour frais de recouvrement d\u2019un montant de 40 euros et des int\u00e9r\u00eats de retard sur les sommes restant<br \/>dues fix\u00e9s \u00e0 trois fois le taux d\u2019int\u00e9r\u00eat l\u00e9gal.<\/p>\n<p>\u00a0<\/p>\n<h4>d) Cas de la supervision en copropri\u00e9t\u00e9<\/h4>\n<p>Dans le cas de l\u2019installation par le Syndicat des Copropri\u00e9taires d\u2019un nouveau point de livraison, le<br \/>Prestataire proposera un fournisseur d\u2019\u00e9lectricit\u00e9 et prendra en charge les frais d\u2019abonnement et la<br \/>consommation sur le nouveau point de livraison. La consommation de chaque copropri\u00e9taire sera<br \/>refactur\u00e9e chaque mois en fonction de sa consommation. A cette consommation, Time2Plug facture<br \/>aux copropri\u00e9taires connect\u00e9s un service de t\u00e9l\u00e9rel\u00e8ve. Ce service inclus les frais d\u2019abonnement, la<br \/>facturation et la t\u00e9l\u00e9rel\u00e8ve. Lors de la signature du contrat entre le copropri\u00e9taire et Time2Plug, une<br \/>provision de charge sera pr\u00e9cis\u00e9e repr\u00e9sentant un acompte sur les futures consommations et<br \/>remboursable en cas d\u2019interruption de contrat sous r\u00e9serve du respect des conditions de r\u00e9siliation<br \/>fix\u00e9es \u00e0 l\u2019article 6.<\/p>\n<p>\u00a0<\/p>\n<h2>Article 6 &#8211; DUREE ET RESILIATION DES SERVICES<\/h2>\n<p>Le Service de Gestion est souscrit pour une dur\u00e9e ferme de :<br \/>\u2022 24 mois pour les Clients Particuliers non professionnels<br \/>\u2022 36 pour les Clients Professionnels<br \/><br \/><\/p>\n<p>Au-del\u00e0 de ces p\u00e9riodes fermes, le Contrat sera tacitement reconduit pour une dur\u00e9e ind\u00e9termin\u00e9e par<br \/>p\u00e9riode successive de 24 mois pour les Clients non professionnels et de 36 mois pour les Clients<br \/>professionnels, sauf d\u00e9nonciation expresse par lettre recommand\u00e9e avec avis de r\u00e9ception adress\u00e9e au<br \/>Prestataire au moins trois (3) mois avant la date d\u2019anniversaire annuelle (pour les Clients particuliers)<br \/>ou trisannuelle (pour les Clients professionnels) du Contrat.<br \/><br \/><\/p>\n<p>Toute r\u00e9siliation qui interviendrait en violation de ces dispositions entrainera le versement par le Client<br \/>d\u2019une indemnit\u00e9 \u00e9gale au montant des sommes qui auraient d\u00fb \u00eatre vers\u00e9es au Prestataire si le Contrat<br \/>avait \u00e9t\u00e9 ex\u00e9cut\u00e9 jusqu\u2019\u00e0 son terme.<br \/><br \/><\/p>\n<p>Le Prestataire pourra r\u00e9silier ou suspendre la Gestion par lettre recommand\u00e9e avec avis de r\u00e9ception<br \/>adress\u00e9e au Client en respectant un pr\u00e9avis de un (1) mois (r\u00e9siliation) ou sept (7) jours (suspension) en<br \/>cas de non-respect par le Client de l\u2019une des obligations mises \u00e0 sa charge au titre du pr\u00e9sent Contrat ou<br \/>par les lois et r\u00e8glements.<br \/><br \/><\/p>\n<p>La responsabilit\u00e9 du Prestataire ne pourra en aucun cas \u00eatre engag\u00e9e en cas de suspension ou de<br \/>r\u00e9siliation de la Gestion dans les conditions ci-dessus expos\u00e9es.<\/p>\n<p>\u00a0<\/p>\n<h2>Article 7- CONDITIONS TARIFAIRES<\/h2>\n<p>Le prix global, fixe, forfaitaire et d\u00e9finitif de la Prestation choisie est exprim\u00e9 en euros HT au Devis.<br \/><br \/><\/p>\n<p>Le paiement par le Client du prix sera effectu\u00e9, contre remise par le Prestataire d\u2019une facture au Client,<br \/>aux dates suivantes :<br \/>\u2022 Paiement d\u2019un acompte de 50% du prix \u00e0 la date de signature du Devis ou dans un d\u00e9lai de 6<br \/>jours suivant la date de signature du Devis.<br \/>\u2022 Le solde le jour de l\u2019Installation \u00e0 r\u00e9ception du proc\u00e8s-verbal d\u2019Installation.<br \/><br \/><\/p>\n<p>En cas de souscription \u00e0 la Gestion, le paiement de la somme forfaitaire annuelle, mentionn\u00e9e au Devis<br \/>sera payable dans un d\u00e9lai de huit jours \u00e0 compter de la date de facture. Le montant de l\u2019abonnement est<br \/>payable par pr\u00e9l\u00e8vement automatique ce que le Client accepte express\u00e9ment. Les conditions financi\u00e8res<br \/>fix\u00e9es au Devis pr\u00e9vaudront sont celles pr\u00e9vues au pr\u00e9sent Contrat.<br \/><br \/><\/p>\n<p>Le prix des interventions au titre de la Gestion sera \u00e9tabli selon le tarif en vigueur et fera l\u2019objet d\u2019un<br \/>devis pr\u00e9alablement accept\u00e9 par le Client.<br \/><br \/><\/p>\n<p>Les paiements devront inclure les sommes au titre de la taxe sur la valeur ajout\u00e9e au taux en vigueur \u00e0<br \/>la date de la facture.<br \/><br \/><\/p>\n<p>Les modalit\u00e9s financi\u00e8res pr\u00e9vues au Devis pr\u00e9vaudront sur celles fix\u00e9es au pr\u00e9sent Contrat.<br \/><br \/><\/p>\n<p>Dans l\u2019hypoth\u00e8se o\u00f9 le paiement n\u2019est pas intervenu le jour d\u2019Installation, il devra intervenir dans un<br \/>d\u00e9lai maximal de quinze (15) jours \u00e0 compter de l\u2019Installation.<br \/><br \/><\/p>\n<p>Le d\u00e9faut de paiement \u00e0 l\u2019\u00e9ch\u00e9ance entra\u00eene de plein droit et sans qu\u2019aucune mise en demeure ne soit<br \/>n\u00e9cessaire :<br \/>\u2022 Le paiement de p\u00e9nalit\u00e9s de retard calcul\u00e9es sur les montant TTC restant dus \u00e0 compter du<br \/>lendemain de la date d\u2019exigibilit\u00e9 de la facture, d\u2019un montant \u00e9gal \u00e0 trois fois le taux d\u2019int\u00e9r\u00eat<br \/>l\u00e9gal applicable aux d\u00e9biteurs professionnels<br \/>\u2022 Si le Client est un professionnel, une indemnit\u00e9 forfaitaire de compensation des frais de<br \/>recouvrement fix\u00e9e par le d\u00e9cret du 2 octobre 2012 \u00e0 40\u20ac sera due au Prestataire.<br \/>\u2022 Le droit pour le Prestataire de notifier la r\u00e9solution de plein droit de la vente apr\u00e8s simple<br \/>commandement de payer demeur\u00e9 infructueux apr\u00e8s un d\u00e9lai de huit (8) jours \u00e0 compter de la<br \/>r\u00e9ception par le Client dudit commandement de payer.<br \/><br \/><\/p>\n<p>Le Prestataire se r\u00e9serve le droit de facturer au Client des frais selon les tarifs standards du Prestataire<br \/>en vigueur (ci-apr\u00e8s individuellement d\u00e9sign\u00e9s \u00ab Frais Additionnels \u00bb) en cas d\u2019intervention d\u2019un<br \/>technicien du Prestataire ou du Prestataire Tiers sur un lieu indiqu\u00e9 par le Client lorsque ladite<br \/>intervention : (i) a pour but de corriger un probl\u00e8me avec les Mat\u00e9riels lorsque le Prestataire ou le<br \/>Prestataire Tiers n\u2019obtient pas un acc\u00e8s imm\u00e9diat aux Mat\u00e9riels d\u00e8s son arriv\u00e9e sur le lieu d\u2019Installation<br \/>; (ii) est effectu\u00e9e en r\u00e9ponse \u00e0 une demande du Client sans que des probl\u00e8mes soient ensuite constat\u00e9s<br \/>avec les Mat\u00e9riels ; (iii) est n\u00e9cessaire pour achever l\u2019Installation qui devait \u00eatre effectu\u00e9e lors d\u2019une<br \/>date fix\u00e9e d\u2019un commun accord entre les Parties et qui n\u2019a pas pu \u00eatre termin\u00e9e pour une raison imputable<br \/>au Client ; (iv) a fait l\u2019objet d\u2019une annulation de la part du Client moins de quarante-huit (48) heures<br \/>ouvr\u00e9es avant la date d\u2019installation pr\u00e9vue.<\/p>\n<p>\u00a0<\/p>\n<p>\u00a0<\/p>\n<h2>Article 8 &#8211; GARANTIE DU MATERIEL ET DE L\u2019INSTALLATION<\/h2>\n<p>Le Prestataire est tenu des d\u00e9fauts de conformit\u00e9 des Mat\u00e9riels vendus conform\u00e9ment \u00e0 l\u2019article L.214-<br \/>1 du Code de la consommation des d\u00e9fauts cach\u00e9s conform\u00e9ment \u00e0 l\u2019article 1641 du Code civil.<br \/><br \/><\/p>\n<p>Chaque Mat\u00e9riel est couvert par la garantie du fabricant, \u00e9tant pr\u00e9cis\u00e9 que chaque fabricant octroie des<br \/>garanties pour des dur\u00e9es diff\u00e9rentes. Les conditions de garantie du fabricant du Mat\u00e9riel choisi<br \/>s\u2019appliqueront.<br \/><br \/><\/p>\n<p>En tout \u00e9tat de cause, la garantie ne peut \u00eatre invoqu\u00e9e dans les hypoth\u00e8ses suivantes : s\u2019il y a eu une<br \/>faute, une n\u00e9gligence ou un acte de malveillance du Client ou d\u2019un tiers ; s\u2019il y a eu surtension ou soustension, m\u00eame passag\u00e8re du secteur d\u2019alimentation ; s\u2019il y a eu d\u00e9montage des pi\u00e8ces essentielles ; ou<br \/>s\u2019il y a eu revente ou d\u00e9placement du Mat\u00e9riel apr\u00e8s sa premi\u00e8re installation. La garantie ne couvre pas<br \/>les dommages caus\u00e9s au Mat\u00e9riel ou \u00e0 ses composants du fait de sources exog\u00e8nes (projection ou<br \/>exposition \u00e0 des produits ou vapeurs chimiques, d\u00e9p\u00f4ts\/r\u00e9sidus) ou d\u2019une qualit\u00e9\u0301des fluides (\u00e9lectricit\u00e9\u0301,<br \/>extraction, \u2026) non- conforme aux consignes d\u2019utilisation du fabricant.<br \/><br \/><\/p>\n<p>Les frais li\u00e9s \u00e0 la mise en \u0153uvre de la garantie restent \u00e0 la charge exclusive du Client (frais de<br \/>d\u00e9placement, main d\u2019\u0153uvre, frais de retour ou d\u2019envoi des Mat\u00e9riel).<br \/><br \/><\/p>\n<p>Outre les garanties l\u00e9gales, le Prestataire garantit l\u2019Installation pour une dur\u00e9e de un an \u00e0 compter de la<br \/>date d\u2019Installation<br \/><br \/><\/p>\n<p>La garantie est exclue en cas de vice provenant, soit de mati\u00e8res fournies par le Client, soit d\u2019une<br \/>conception impos\u00e9e par celui-ci, soit de conditions d\u2019utilisations inadapt\u00e9es.<\/p>\n<p>\u00a0<\/p>\n<p>\u00a0<\/p>\n<h2>Article 9 &#8211; RESPONSABILIT\u00c9 DU PRESTATAIRE<\/h2>\n<p>Le Prestataire est responsable, selon les r\u00e8gles du droit civil, des services fournis au Client. Le Prestataire<br \/>s\u2019engage \u00e0 mettre tous les moyens en \u0153uvre pour assurer, dans des conditions optimales, les services au<br \/>Client,<br \/><br \/><\/p>\n<p>En aucun cas, la responsabilit\u00e9 du Prestataire ne pourra \u00eatre recherch\u00e9e en cas de :<br \/>\u2022 Conception impos\u00e9e par le Client ;<br \/>\u2022 D\u00e9gradations volontaires ou involontaires du Mat\u00e9riel ;<br \/>\u2022 Utilisation non conforme aux caract\u00e9ristiques techniques du Mat\u00e9riel et du Service ;<br \/>\u2022 Accidents de toute sorte affectant le Mat\u00e9riel ou les r\u00e9seaux \u00e9lectriques ;<br \/>\u2022 Faute, n\u00e9gligence ou omission d\u2019un tiers sur lequel le Prestataire n\u2019a aucun pouvoir de<br \/>contr\u00f4le de surveillance ;<br \/>\u2022 Force majeure, \u00e9v\u00e9nement ou incident ind\u00e9pendant de la volont\u00e9 du Prestataire ;<br \/>\u2022 Impossibilit\u00e9 d\u2019utiliser le Mat\u00e9riel r\u00e9sultant d\u2019un changement de v\u00e9hicule ;<br \/>\u2022 R\u00e9parations cons\u00e9cutives \u00e0 l\u2019usure normale du Mat\u00e9riel ou de l\u2019installation \u00e9lectrique du<br \/>Client, de d\u00e9t\u00e9riorations ou d\u2019accidents provenant d\u2019un entretien ou d\u2019une maintenance<br \/>non conformes r\u00e9alis\u00e9es par le Client ou par des tiers ;<br \/>\u2022 De n\u00e9gligences, d\u00e9faut de surveillance et utilisation anormale, ou dans des conditions<br \/>anormales du Mat\u00e9riel, ou d\u2019une modification sans l\u2019accord pr\u00e9alable et expr\u00e8s ;<br \/>\u2022 De l\u2019absence de mise en conformit\u00e9 avec la r\u00e9glementation de l\u2019installation du Client.<br \/><br \/><\/p>\n<p>Plus g\u00e9n\u00e9ralement, la responsabilit\u00e9 du Prestataire ne pourra \u00eatre engag\u00e9e qu\u2019en cas de faute lourde<br \/>\u00e9tablie.<br \/><br \/><\/p>\n<p>En cas de responsabilit\u00e9 du Prestataire en raison de faute lourde \u00e9tablie, le montant de la<br \/>r\u00e9paration sera limit\u00e9 aux seuls dommages directs, personnels et certains subis par le Client, \u00e0<br \/>l\u2019exclusion expresse de tous dommages et\/ou pr\u00e9judices financiers et commerciaux, les pertes<br \/>d\u2019exploitation et de chiffre d\u2019affaires.<br \/><br \/><\/p>\n<p>En tout \u00e9tat de cause, la responsabilit\u00e9 civile et commerciale totale et cumul\u00e9e du Prestataire est<br \/>limit\u00e9e au montant de la Commande de Prestation tel qu\u2019il est fix\u00e9 dans le Devis.<\/p>\n<p>\u00a0<\/p>\n<p>\u00a0<\/p>\n<h2>Article 10 &#8211; ANNULATION \u2013 RETOUR<\/h2>\n<p>L\u2019annulation ou la modification partielle ou totale d\u2019une Commande par le Client ne sera admise qu\u2019en<br \/>cas d\u2019accord pr\u00e9alable du Prestataire.<br \/><br \/><\/p>\n<p>Dans ce cas, le Prestataire se r\u00e9serve le droit de facturer au Client les couts et frais engag\u00e9s pour la<br \/>pr\u00e9paration et l\u2019ex\u00e9cution de la Commande (20% du montant HT de la Commande avec un minimum<br \/>forfaitaire de 350 euros HT))<br \/><br \/><\/p>\n<p>Les ventes effectu\u00e9es en application des pr\u00e9sentes conditions g\u00e9n\u00e9rales, et le cas \u00e9ch\u00e9ant des conditions<br \/>vis\u00e9es au Devis, pourront \u00eatre r\u00e9sili\u00e9es de plein droit par le Prestataire, sans adresser de mise en demeure<br \/>ou accomplir de formalit\u00e9\u0301 pr\u00e9alable, en cas d\u2019inex\u00e9cution d\u2019une seule des conditions, notamment en cas<br \/>de non-paiement d\u2019une seule facture, diminution des garanties et suret\u00e9s consenties, ainsi qu\u2019en cas de<br \/>disparition, cessation d\u2019activit\u00e9\u0301 ou cession du Client et ce sans que le Client puisse pr\u00e9tendre \u00e0<br \/>indemnisation.<br \/><br \/><\/p>\n<p>Les Mat\u00e9riels ne sont ni repris ni \u00e9chang\u00e9s. Exceptionnellement et si les circonstances le justifient, le<br \/>Prestataire pourra reprendre un Mat\u00e9riel, apr\u00e8s examen du dossier et accord pr\u00e9alable \u00e9crit de sa part.<br \/>Cet accord est formalis\u00e9 par l\u2019envoi au Client d\u2019un num\u00e9ro de retour assorti d\u2019un bordereau, qui devra<br \/>\u00eatre appos\u00e9 sur le colis d\u2019envoi du Mat\u00e9riel par le Client.<br \/><br \/><\/p>\n<p>Tout retour devra \u00eatre renvoy\u00e9\u0301, dans son emballage d\u2019origine, accompagn\u00e9 du bon de livraison ou de la<br \/>facture sauf accord pr\u00e9alable de Prestataire, les frais de retour sont pris en charge par le Client.<br \/>La charge des risques du retour du Mat\u00e9riel incombe enti\u00e8rement au Client.<\/p>\n<p>\u00a0<\/p>\n<p>\u00a0<\/p>\n<h2><span style=\"font-family: Poppins; font-size: 22px; font-weight: 600;\">Article 11 &#8211; DONNEES PERSONNELLES<\/span><\/h2>\n<p>Time2Plug s\u2019engage \u00e0 ce que les traitements de donn\u00e9es \u00e0 caract\u00e8re personnel effectu\u00e9s dans le cadre<br \/>du pr\u00e9sent Contrat, soient conformes \u00e0 la r\u00e9glementation fran\u00e7aise en la mati\u00e8re et notamment aux<br \/>dispositions de la Loi n\u00b078-17 du 6 janvier 1978 (\u00ab Loi Informatique et libert\u00e9s \u00bb) ainsi qu\u2019au R\u00e8glement<br \/>(UE) 2016\/679 du Parlement Europ\u00e9en et du Conseil du 27 avril 2016 sur la protection des donn\u00e9es,<br \/>entr\u00e9 en application le 25 mai 2018 (\u00ab RGPD \u00bb) (Ci-apr\u00e8s ensemble la \u00ab R\u00e9glementation \u00bb). Time2Plug<br \/>s\u2019engage \u00e0 mettre en \u0153uvre toutes les mesures techniques et organisationnelles appropri\u00e9es afin que le<br \/>traitement de donn\u00e9es r\u00e9ponde aux exigences de la R\u00e9glementation et garantisse la protection des droits<br \/>de la personne concern\u00e9e.<br \/><br \/><\/p>\n<p>Le Client est inform\u00e9 que dans le cadre du pr\u00e9sent Contrat, Time2Plug est amen\u00e9e \u00e0 traiter, en qualit\u00e9<br \/>de Responsable de traitement certaines donn\u00e9es \u00e0 caract\u00e8re personnel appartenant au Client et de<br \/>mani\u00e8re limitative :<br \/>o donn\u00e9es d\u2019identification (courriel, informations bancaires telles que RIB, etc., le nom<br \/>et la fonction du repr\u00e9sentant du Prestataire, le num\u00e9ro de t\u00e9l\u00e9phone, identifiant de<br \/>connexion, adresse IP, nombre d\u2019enfants)<br \/>o donn\u00e9es sur les habitudes de consommation (\u00e9quipement en moyen de communication,<br \/>m\u00e9dias)<br \/>o donn\u00e9es relatives au logement (\u00e9nergie utilis\u00e9e, surface, enregistrement vid\u00e9o du<br \/>logement, photographies)<br \/><br \/><\/p>\n<p>Le Client est inform\u00e9 et consent \u00e0 ce que Time2Plug traite les donn\u00e9es \u00e0 caract\u00e8re personnel strictement<br \/>n\u00e9cessaires (i) \u00e0 l\u2019ex\u00e9cution du pr\u00e9sent Contrat et des Prestations command\u00e9es, (ii) aux \u00e9ventuelles<br \/>op\u00e9rations marketing et de prospection commerciale, (iii) \u00e0 la gestion des impay\u00e9s et des contentieux<br \/>\u00e9ventuels, et (iv) au respect des obligations l\u00e9gales et r\u00e9glementaires qui lui incombent.<br \/><br \/><\/p>\n<p>Les donn\u00e9es \u00e0 caract\u00e8re personnel appartenant au Client sont destin\u00e9es (i) au personnel de Time2Plug<br \/>habilit\u00e9 \u00e0 en connaitre \u00e0 savoir son service commercial, son service informatique, son service client et<br \/>son service comptable, (ii) aux services externes charg\u00e9s de remplir ses obligations, sociales, comptables<br \/>et fiscales ainsi qu\u2019\u00e0 (iii) ses \u00e9ventuels sous-traitants, prestataires et partenaires en ce compris le<br \/>Prestataire Tiers.<br \/><br \/><\/p>\n<p>Elles sont conserv\u00e9es, en base active, pour la dur\u00e9e strictement n\u00e9cessaire aux finalit\u00e9s mentionn\u00e9es ci-dessus puis en archivage interm\u00e9diaire avec acc\u00e8s ponctuel et restreint pendant une dur\u00e9e maximum de<br \/>dix (10) ans.<br \/><br \/><\/p>\n<p>Le Client dispose d\u2019un d\u2019acc\u00e8s, d\u2019interrogation, de rectification des donn\u00e9es \u00e0 caract\u00e8re personnel le<br \/>concernant et d\u2019opposition \u00e0 leur traitement. Pour exercer un de ces droits, il doit adresser sa demande<br \/>\u00e9crite au Prestataire \u00e0 l\u2019adresse suivante : contact@time2plug.com.<\/p>\n<p>\u00a0<\/p>\n<p>\u00a0<\/p>\n<h2>Article 12 &#8211; CESSION DE CONTRAT<\/h2>\n<p>Le Contrat ne peut faire l\u2019objet d\u2019une cession partielle ou totale, \u00e0 titre on\u00e9reux ou gracieux, par l\u2019une<br \/>ou l\u2019autre partie sans l\u2019accord expr\u00e8s et pr\u00e9alable de l\u2019autre partie.<\/p>\n<p>\u00a0<\/p>\n<p>\u00a0<\/p>\n<h2>Article 13 &#8211; ASSURANCES<\/h2>\n<p>Le Client d\u00e9clare avoir souscrit une police d\u2019assurance multirisques comportant \u00e0 tout le moins une<br \/>garantie responsabilit\u00e9, des garanties dommages par incendie et dommages \u00e9lectriques pour des<br \/>montants suffisants pour permettre de couvrir les dommages qui pourraient r\u00e9sulter de ces \u00e9v\u00e8nements.<br \/>Le Prestataire d\u00e9clare pour sa part avoir souscrit une police d\u2019assurance couvrant sa responsabilit\u00e9 civile<br \/>dans le cadre des prestations fournies au pr\u00e9sent Contrat.<\/p>\n<p>\u00a0<\/p>\n<p>\u00a0<\/p>\n<h2>Article 14 &#8211; LOI APPLICABLE<\/h2>\n<p>La loi fran\u00e7aise sera seule applicable au pr\u00e9sent Contrat, \u00e0 l\u2019exclusion, d\u2019une part, des r\u00e8gles de conflit<br \/>pr\u00e9vues par la loi Fran\u00e7aise et, d\u2019autre part, des dispositions de la loi Fran\u00e7aise qui seraient contraires\u00a0<span style=\"font-size: 14px;\">au pr\u00e9sent Contrat.<\/span><\/p>\n<p><span style=\"font-size: 14px;\">\u00a0<\/span><\/p>\n<p>\u00a0<\/p>\n<h2>Article 15 &#8211; REGLEMENT DES DIFFERENDS<\/h2>\n<p>Les diff\u00e9rends qui viendraient \u00e0 survenir du fait de la validit\u00e9, l\u2019interpr\u00e9tation, l\u2019ex\u00e9cution ou la cessation<br \/>du Contrat pourront, \u00e0 la demande de l\u2019une des parties, et avant toute proc\u00e9dure judiciaire, \u00eatre soumis<br \/>\u00e0 un m\u00e9diateur, conform\u00e9ment \u00e0 la r\u00e8glementation en vigueur.<br \/>A d\u00e9faut de faire appel \u00e0 un tel m\u00e9diateur ou \u00e0 d\u00e9faut de r\u00e9solution des diff\u00e9rends par le biais de cette<br \/>m\u00e9diation ou d\u2019une solution, tout litige entre le Prestataire et le Client (relatif notamment \u00e0<br \/>l\u2019interpr\u00e9tation, l\u2019ex\u00e9cution et la r\u00e9siliation du pr\u00e9sent Contrat) sera soumis aux juridictions du ressort<br \/>de la Cour d\u2019Appel de Paris de m\u00eame en cas d\u2019appel en garantie ou de pluralit\u00e9 de d\u00e9fendeurs.<\/p>\n<p><\/p>\t\t\t\t\t\t\t\t<\/div>\n\t\t\t\t<\/div>\n\t\t\t\t\t<\/div>\n\t\t<\/div>\n\t\t\t\t<div class=\"elementor-column elementor-col-50 elementor-top-column elementor-element elementor-element-55c18b4\" data-id=\"55c18b4\" data-element_type=\"column\" data-e-type=\"column\">\n\t\t\t<div class=\"elementor-widget-wrap\">\n\t\t\t\t\t\t\t<\/div>\n\t\t<\/div>\n\t\t\t\t\t<\/div>\n\t\t<\/section>\n\t\t\t\t<section class=\"elementor-section elementor-top-section elementor-element elementor-element-60ce09a elementor-section-boxed elementor-section-height-default elementor-section-height-default\" data-id=\"60ce09a\" data-element_type=\"section\" data-e-type=\"section\">\n\t\t\t\t\t\t<div class=\"elementor-container elementor-column-gap-default\">\n\t\t\t\t\t<div class=\"elementor-column elementor-col-50 elementor-top-column elementor-element elementor-element-90973cb\" data-id=\"90973cb\" data-element_type=\"column\" data-e-type=\"column\">\n\t\t\t<div class=\"elementor-widget-wrap elementor-element-populated\">\n\t\t\t\t\t\t<div class=\"elementor-element elementor-element-763cc94 elementor-widget elementor-widget-heading\" data-id=\"763cc94\" data-element_type=\"widget\" data-e-type=\"widget\" data-widget_type=\"heading.default\">\n\t\t\t\t<div class=\"elementor-widget-container\">\n\t\t\t\t\t<h2 class=\"elementor-heading-title elementor-size-default\">Pour t\u00e9l\u00e9charger les CGV : <\/h2>\t\t\t\t<\/div>\n\t\t\t\t<\/div>\n\t\t\t\t<div class=\"elementor-element elementor-element-811bfc6 elementor-view-default elementor-widget elementor-widget-icon\" data-id=\"811bfc6\" data-element_type=\"widget\" data-e-type=\"widget\" data-widget_type=\"icon.default\">\n\t\t\t\t<div class=\"elementor-widget-container\">\n\t\t\t\t\t\t\t<div class=\"elementor-icon-wrapper\">\n\t\t\t<a class=\"elementor-icon\" href=\"https:\/\/uat.time2plug.fr\/wp-content\/uploads\/2022\/10\/220525-CGV-Time2Plug.pdf\" target=\"_blank\">\n\t\t\t<i aria-hidden=\"true\" class=\"fas fa-file-pdf\"><\/i>\t\t\t<\/a>\n\t\t<\/div>\n\t\t\t\t\t\t<\/div>\n\t\t\t\t<\/div>\n\t\t\t\t\t<\/div>\n\t\t<\/div>\n\t\t\t\t<div class=\"elementor-column elementor-col-50 elementor-top-column elementor-element elementor-element-e514835\" data-id=\"e514835\" data-element_type=\"column\" data-e-type=\"column\">\n\t\t\t<div class=\"elementor-widget-wrap\">\n\t\t\t\t\t\t\t<\/div>\n\t\t<\/div>\n\t\t\t\t\t<\/div>\n\t\t<\/section>\n\t\t\t\t<\/div>\n\t\t","protected":false},"excerpt":{"rendered":"<p>CONDITIONS GENERALES DE VENTE ET D\u2019UTILISATION version : 25\/05\/2022 Le pr\u00e9sent contrat, qui d\u00e9termine les conditions g\u00e9n\u00e9rales dans lesquelles TIME2PLUG propose desprestations de services et de vente de Mat\u00e9riel est conclu entre : TIME2PLUG SAS au capital de 60 000 euros, dont le si\u00e8ge social est situ\u00e9 13 avenue Boudon, 75016 \u00e0Paris, immatricul\u00e9e au Registre [&hellip;]<\/p>\n","protected":false},"author":7,"featured_media":0,"parent":0,"menu_order":0,"comment_status":"closed","ping_status":"closed","template":"","meta":{"_monsterinsights_skip_tracking":false,"_monsterinsights_sitenote_active":false,"_monsterinsights_sitenote_note":"","_monsterinsights_sitenote_category":0,"ocean_post_layout":"","ocean_both_sidebars_style":"","ocean_both_sidebars_content_width":0,"ocean_both_sidebars_sidebars_width":0,"ocean_sidebar":"0","ocean_second_sidebar":"0","ocean_disable_margins":"enable","ocean_add_body_class":"","ocean_shortcode_before_top_bar":"","ocean_shortcode_after_top_bar":"","ocean_shortcode_before_header":"","ocean_shortcode_after_header":"","ocean_has_shortcode":"","ocean_shortcode_after_title":"","ocean_shortcode_before_footer_widgets":"","ocean_shortcode_after_footer_widgets":"","ocean_shortcode_before_footer_bottom":"","ocean_shortcode_after_footer_bottom":"","ocean_display_top_bar":"default","ocean_display_header":"default","ocean_header_style":"","ocean_center_header_left_menu":"0","ocean_custom_header_template":"0","ocean_custom_logo":0,"ocean_custom_retina_logo":0,"ocean_custom_logo_max_width":0,"ocean_custom_logo_tablet_max_width":0,"ocean_custom_logo_mobile_max_width":0,"ocean_custom_logo_max_height":0,"ocean_custom_logo_tablet_max_height":0,"ocean_custom_logo_mobile_max_height":0,"ocean_header_custom_menu":"0","ocean_menu_typo_font_family":"0","ocean_menu_typo_font_subset":"","ocean_menu_typo_font_size":0,"ocean_menu_typo_font_size_tablet":0,"ocean_menu_typo_font_size_mobile":0,"ocean_menu_typo_font_size_unit":"px","ocean_menu_typo_font_weight":"","ocean_menu_typo_font_weight_tablet":"","ocean_menu_typo_font_weight_mobile":"","ocean_menu_typo_transform":"","ocean_menu_typo_transform_tablet":"","ocean_menu_typo_transform_mobile":"","ocean_menu_typo_line_height":0,"ocean_menu_typo_line_height_tablet":0,"ocean_menu_typo_line_height_mobile":0,"ocean_menu_typo_line_height_unit":"","ocean_menu_typo_spacing":0,"ocean_menu_typo_spacing_tablet":0,"ocean_menu_typo_spacing_mobile":0,"ocean_menu_typo_spacing_unit":"","ocean_menu_link_color":"","ocean_menu_link_color_hover":"","ocean_menu_link_color_active":"","ocean_menu_link_background":"","ocean_menu_link_hover_background":"","ocean_menu_link_active_background":"","ocean_menu_social_links_bg":"","ocean_menu_social_hover_links_bg":"","ocean_menu_social_links_color":"","ocean_menu_social_hover_links_color":"","ocean_disable_title":"default","ocean_disable_heading":"default","ocean_post_title":"","ocean_post_subheading":"","ocean_post_title_style":"","ocean_post_title_background_color":"","ocean_post_title_background":0,"ocean_post_title_bg_image_position":"","ocean_post_title_bg_image_attachment":"","ocean_post_title_bg_image_repeat":"","ocean_post_title_bg_image_size":"","ocean_post_title_height":0,"ocean_post_title_bg_overlay":0.5,"ocean_post_title_bg_overlay_color":"","ocean_disable_breadcrumbs":"default","ocean_breadcrumbs_color":"","ocean_breadcrumbs_separator_color":"","ocean_breadcrumbs_links_color":"","ocean_breadcrumbs_links_hover_color":"","ocean_display_footer_widgets":"default","ocean_display_footer_bottom":"default","ocean_custom_footer_template":"0","osh_disable_topbar_sticky":"default","osh_disable_header_sticky":"default","osh_sticky_header_style":"default","osh_sticky_header_effect":"","osh_custom_sticky_logo":0,"osh_custom_retina_sticky_logo":0,"osh_custom_sticky_logo_height":0,"osh_background_color":"","osh_links_color":"","osh_links_hover_color":"","osh_links_active_color":"","osh_links_bg_color":"","osh_links_hover_bg_color":"","osh_links_active_bg_color":"","osh_menu_social_links_color":"","osh_menu_social_hover_links_color":"","footnotes":""},"class_list":["post-1884","page","type-page","status-publish","hentry","entry"],"yoast_head":"<!-- This site is optimized with the Yoast SEO plugin v27.4 - https:\/\/yoast.com\/product\/yoast-seo-wordpress\/ -->\n<title>Conditions g\u00e9n\u00e9rales de ventes | Time2plug<\/title>\n<meta name=\"robots\" content=\"noindex, nofollow\" \/>\n<meta property=\"og:locale\" content=\"fr_FR\" \/>\n<meta property=\"og:type\" content=\"article\" \/>\n<meta property=\"og:title\" content=\"Conditions g\u00e9n\u00e9rales de ventes | Time2plug\" \/>\n<meta property=\"og:description\" content=\"CONDITIONS GENERALES DE VENTE ET D\u2019UTILISATION version : 25\/05\/2022 Le pr\u00e9sent contrat, qui d\u00e9termine les conditions g\u00e9n\u00e9rales dans lesquelles TIME2PLUG propose desprestations de services et de vente de Mat\u00e9riel est conclu entre : TIME2PLUG SAS au capital de 60 000 euros, dont le si\u00e8ge social est situ\u00e9 13 avenue Boudon, 75016 \u00e0Paris, immatricul\u00e9e au Registre [&hellip;]\" \/>\n<meta property=\"og:url\" content=\"https:\/\/www.time2plug.com\/page\/conditions-generales-de-ventes\/\" \/>\n<meta property=\"og:site_name\" content=\"Time2plug\" \/>\n<meta property=\"article:modified_time\" content=\"2022-11-17T11:45:20+00:00\" \/>\n<meta property=\"og:image\" content=\"https:\/\/www.time2plug.com\/page\/wp-content\/uploads\/2025\/04\/T2P-Blanc_Background-Orange.png\" \/>\n\t<meta property=\"og:image:width\" content=\"300\" \/>\n\t<meta property=\"og:image:height\" content=\"300\" \/>\n\t<meta property=\"og:image:type\" content=\"image\/png\" \/>\n<meta name=\"twitter:card\" content=\"summary_large_image\" \/>\n<meta name=\"twitter:label1\" content=\"Dur\u00e9e de lecture estim\u00e9e\" \/>\n\t<meta name=\"twitter:data1\" content=\"26 minutes\" \/>\n<script type=\"application\/ld+json\" class=\"yoast-schema-graph\">{\"@context\":\"https:\\\/\\\/schema.org\",\"@graph\":[{\"@type\":\"WebPage\",\"@id\":\"https:\\\/\\\/www.time2plug.com\\\/page\\\/conditions-generales-de-ventes\\\/\",\"url\":\"https:\\\/\\\/www.time2plug.com\\\/page\\\/conditions-generales-de-ventes\\\/\",\"name\":\"Conditions g\u00e9n\u00e9rales de ventes | Time2plug\",\"isPartOf\":{\"@id\":\"https:\\\/\\\/www.time2plug.com\\\/page\\\/#website\"},\"datePublished\":\"2022-10-03T12:04:15+00:00\",\"dateModified\":\"2022-11-17T11:45:20+00:00\",\"breadcrumb\":{\"@id\":\"https:\\\/\\\/www.time2plug.com\\\/page\\\/conditions-generales-de-ventes\\\/#breadcrumb\"},\"inLanguage\":\"fr-FR\",\"potentialAction\":[{\"@type\":\"ReadAction\",\"target\":[\"https:\\\/\\\/www.time2plug.com\\\/page\\\/conditions-generales-de-ventes\\\/\"]}]},{\"@type\":\"BreadcrumbList\",\"@id\":\"https:\\\/\\\/www.time2plug.com\\\/page\\\/conditions-generales-de-ventes\\\/#breadcrumb\",\"itemListElement\":[{\"@type\":\"ListItem\",\"position\":1,\"name\":\"Accueil\",\"item\":\"https:\\\/\\\/www.time2plug.com\\\/page\\\/\"},{\"@type\":\"ListItem\",\"position\":2,\"name\":\"Conditions g\u00e9n\u00e9rales de ventes\"}]},{\"@type\":\"WebSite\",\"@id\":\"https:\\\/\\\/www.time2plug.com\\\/page\\\/#website\",\"url\":\"https:\\\/\\\/www.time2plug.com\\\/page\\\/\",\"name\":\"Time2plug\",\"description\":\"Installation et gestion de bornes recharge pour voitures \u00e9lectriques\",\"publisher\":{\"@id\":\"https:\\\/\\\/www.time2plug.com\\\/page\\\/#organization\"},\"alternateName\":\"Bornes de recharge pour voitures \u00e9lectriques\",\"potentialAction\":[{\"@type\":\"SearchAction\",\"target\":{\"@type\":\"EntryPoint\",\"urlTemplate\":\"https:\\\/\\\/www.time2plug.com\\\/page\\\/?s={search_term_string}\"},\"query-input\":{\"@type\":\"PropertyValueSpecification\",\"valueRequired\":true,\"valueName\":\"search_term_string\"}}],\"inLanguage\":\"fr-FR\"},{\"@type\":\"Organization\",\"@id\":\"https:\\\/\\\/www.time2plug.com\\\/page\\\/#organization\",\"name\":\"Time2plug\",\"alternateName\":\"Bornes de recharge pour voitures \u00e9lectriques\",\"url\":\"https:\\\/\\\/www.time2plug.com\\\/page\\\/\",\"logo\":{\"@type\":\"ImageObject\",\"inLanguage\":\"fr-FR\",\"@id\":\"https:\\\/\\\/www.time2plug.com\\\/page\\\/#\\\/schema\\\/logo\\\/image\\\/\",\"url\":\"https:\\\/\\\/www.time2plug.com\\\/page\\\/wp-content\\\/uploads\\\/2025\\\/04\\\/T2P-Blanc_Background-Orange.png\",\"contentUrl\":\"https:\\\/\\\/www.time2plug.com\\\/page\\\/wp-content\\\/uploads\\\/2025\\\/04\\\/T2P-Blanc_Background-Orange.png\",\"width\":300,\"height\":300,\"caption\":\"Time2plug\"},\"image\":{\"@id\":\"https:\\\/\\\/www.time2plug.com\\\/page\\\/#\\\/schema\\\/logo\\\/image\\\/\"},\"sameAs\":[\"https:\\\/\\\/www.linkedin.com\\\/company\\\/time2plug\\\/\"]}]}<\/script>\n<!-- \/ Yoast SEO plugin. -->","yoast_head_json":{"title":"Conditions g\u00e9n\u00e9rales de ventes | Time2plug","robots":{"index":"noindex","follow":"nofollow"},"og_locale":"fr_FR","og_type":"article","og_title":"Conditions g\u00e9n\u00e9rales de ventes | Time2plug","og_description":"CONDITIONS GENERALES DE VENTE ET D\u2019UTILISATION version : 25\/05\/2022 Le pr\u00e9sent contrat, qui d\u00e9termine les conditions g\u00e9n\u00e9rales dans lesquelles TIME2PLUG propose desprestations de services et de vente de Mat\u00e9riel est conclu entre : TIME2PLUG SAS au capital de 60 000 euros, dont le si\u00e8ge social est situ\u00e9 13 avenue Boudon, 75016 \u00e0Paris, immatricul\u00e9e au Registre [&hellip;]","og_url":"https:\/\/www.time2plug.com\/page\/conditions-generales-de-ventes\/","og_site_name":"Time2plug","article_modified_time":"2022-11-17T11:45:20+00:00","og_image":[{"width":300,"height":300,"url":"https:\/\/www.time2plug.com\/page\/wp-content\/uploads\/2025\/04\/T2P-Blanc_Background-Orange.png","type":"image\/png"}],"twitter_card":"summary_large_image","twitter_misc":{"Dur\u00e9e de lecture estim\u00e9e":"26 minutes"},"schema":{"@context":"https:\/\/schema.org","@graph":[{"@type":"WebPage","@id":"https:\/\/www.time2plug.com\/page\/conditions-generales-de-ventes\/","url":"https:\/\/www.time2plug.com\/page\/conditions-generales-de-ventes\/","name":"Conditions g\u00e9n\u00e9rales de ventes | Time2plug","isPartOf":{"@id":"https:\/\/www.time2plug.com\/page\/#website"},"datePublished":"2022-10-03T12:04:15+00:00","dateModified":"2022-11-17T11:45:20+00:00","breadcrumb":{"@id":"https:\/\/www.time2plug.com\/page\/conditions-generales-de-ventes\/#breadcrumb"},"inLanguage":"fr-FR","potentialAction":[{"@type":"ReadAction","target":["https:\/\/www.time2plug.com\/page\/conditions-generales-de-ventes\/"]}]},{"@type":"BreadcrumbList","@id":"https:\/\/www.time2plug.com\/page\/conditions-generales-de-ventes\/#breadcrumb","itemListElement":[{"@type":"ListItem","position":1,"name":"Accueil","item":"https:\/\/www.time2plug.com\/page\/"},{"@type":"ListItem","position":2,"name":"Conditions g\u00e9n\u00e9rales de ventes"}]},{"@type":"WebSite","@id":"https:\/\/www.time2plug.com\/page\/#website","url":"https:\/\/www.time2plug.com\/page\/","name":"Time2plug","description":"Installation et gestion de bornes recharge pour voitures \u00e9lectriques","publisher":{"@id":"https:\/\/www.time2plug.com\/page\/#organization"},"alternateName":"Bornes de recharge pour voitures \u00e9lectriques","potentialAction":[{"@type":"SearchAction","target":{"@type":"EntryPoint","urlTemplate":"https:\/\/www.time2plug.com\/page\/?s={search_term_string}"},"query-input":{"@type":"PropertyValueSpecification","valueRequired":true,"valueName":"search_term_string"}}],"inLanguage":"fr-FR"},{"@type":"Organization","@id":"https:\/\/www.time2plug.com\/page\/#organization","name":"Time2plug","alternateName":"Bornes de recharge pour voitures \u00e9lectriques","url":"https:\/\/www.time2plug.com\/page\/","logo":{"@type":"ImageObject","inLanguage":"fr-FR","@id":"https:\/\/www.time2plug.com\/page\/#\/schema\/logo\/image\/","url":"https:\/\/www.time2plug.com\/page\/wp-content\/uploads\/2025\/04\/T2P-Blanc_Background-Orange.png","contentUrl":"https:\/\/www.time2plug.com\/page\/wp-content\/uploads\/2025\/04\/T2P-Blanc_Background-Orange.png","width":300,"height":300,"caption":"Time2plug"},"image":{"@id":"https:\/\/www.time2plug.com\/page\/#\/schema\/logo\/image\/"},"sameAs":["https:\/\/www.linkedin.com\/company\/time2plug\/"]}]}},"_links":{"self":[{"href":"https:\/\/www.time2plug.com\/page\/wp-json\/wp\/v2\/pages\/1884","targetHints":{"allow":["GET"]}}],"collection":[{"href":"https:\/\/www.time2plug.com\/page\/wp-json\/wp\/v2\/pages"}],"about":[{"href":"https:\/\/www.time2plug.com\/page\/wp-json\/wp\/v2\/types\/page"}],"author":[{"embeddable":true,"href":"https:\/\/www.time2plug.com\/page\/wp-json\/wp\/v2\/users\/7"}],"replies":[{"embeddable":true,"href":"https:\/\/www.time2plug.com\/page\/wp-json\/wp\/v2\/comments?post=1884"}],"version-history":[{"count":0,"href":"https:\/\/www.time2plug.com\/page\/wp-json\/wp\/v2\/pages\/1884\/revisions"}],"wp:attachment":[{"href":"https:\/\/www.time2plug.com\/page\/wp-json\/wp\/v2\/media?parent=1884"}],"curies":[{"name":"wp","href":"https:\/\/api.w.org\/{rel}","templated":true}]}}